{"id":38,"date":"2025-01-14T08:58:41","date_gmt":"2025-01-14T08:58:41","guid":{"rendered":"https:\/\/www.voutstrainer.fr\/?page_id=38"},"modified":"2025-02-03T11:18:11","modified_gmt":"2025-02-03T11:18:11","slug":"profilage","status":"publish","type":"page","link":"https:\/\/www.voutstrainer.fr\/?page_id=38","title":{"rendered":"Profilage"},"content":{"rendered":"<p>[et_pb_section fb_built=\u00a0\u00bb1&Prime; _builder_version=\u00a0\u00bb4.23.1&Prime; _module_preset=\u00a0\u00bbdefault\u00a0\u00bb background_color=\u00a0\u00bbrgba(0,24,40,0.17)\u00a0\u00bb background_image=\u00a0\u00bbhttps:\/\/www.voutstrainer.fr\/wp-content\/uploads\/2025\/01\/VoutsTrainer04.jpg\u00a0\u00bb background_blend=\u00a0\u00bbmultiply\u00a0\u00bb global_colors_info=\u00a0\u00bb{}\u00a0\u00bb][et_pb_row column_structure=\u00a0\u00bb3_5,2_5&Prime; _builder_version=\u00a0\u00bb4.23.1&Prime; _module_preset=\u00a0\u00bbdefault\u00a0\u00bb global_colors_info=\u00a0\u00bb{}\u00a0\u00bb][et_pb_column type=\u00a0\u00bb3_5&Prime; _builder_version=\u00a0\u00bb4.23.1&Prime; _module_preset=\u00a0\u00bbdefault\u00a0\u00bb global_colors_info=\u00a0\u00bb{}\u00a0\u00bb][et_pb_text _builder_version=\u00a0\u00bb4.23.1&Prime; _module_preset=\u00a0\u00bbdefault\u00a0\u00bb header_font=\u00a0\u00bb|300|||||||\u00a0\u00bb header_text_color=\u00a0\u00bb#FFFFFF\u00a0\u00bb header_font_size=\u00a0\u00bb40px\u00a0\u00bb custom_margin=\u00a0\u00bb||9px|||\u00a0\u00bb header_font_size_tablet=\u00a0\u00bb40px\u00a0\u00bb header_font_size_phone=\u00a0\u00bb30px\u00a0\u00bb header_font_size_last_edited=\u00a0\u00bbon|desktop\u00a0\u00bb global_colors_info=\u00a0\u00bb{}\u00a0\u00bb]<\/p>\n<h1>Profilage<\/h1>\n<p>[\/et_pb_text][et_pb_text _builder_version=\u00a0\u00bb4.23.1&Prime; _module_preset=\u00a0\u00bbdefault\u00a0\u00bb header_6_text_color=\u00a0\u00bb#B7A15E\u00a0\u00bb custom_margin=\u00a0\u00bb||23px|||\u00a0\u00bb global_colors_info=\u00a0\u00bb{}\u00a0\u00bb]<\/p>\n<h6>Mental et moteur<\/h6>\n<p>[\/et_pb_text][et_pb_text _builder_version=\u00a0\u00bb4.23.1&Prime; _module_preset=\u00a0\u00bbdefault\u00a0\u00bb text_text_color=\u00a0\u00bb#FFFFFF\u00a0\u00bb text_font_size=\u00a0\u00bb16px\u00a0\u00bb header_text_color=\u00a0\u00bb#FFFFFF\u00a0\u00bb global_colors_info=\u00a0\u00bb{}\u00a0\u00bb]<\/p>\n<p>Je pense comme je bouge et je bouge comme je pense !<br \/>Beaucoup de personnes remplissent des questionnaires pour avoir acc\u00e8s \u00e0 la connaissance de soi, questionnaires comportant malheureusement de nombreux biais et ne d\u00e9voilant pas donc qui nous sommes r\u00e9ellement. Les biais de d\u00e9sid\u00e9rabilit\u00e9 sociale, l\u2019\u00e9tat \u00e9motionnel du moment, la compr\u00e9hension de l\u2019item, le contexte professionnel, les masques que nous portons etc\u2026 sont autant de raisons qui nous am\u00e8nent \u00e0 rarement nous reconnaitre dans 1 profil mais dans plusieurs.<\/p>\n<p>[\/et_pb_text][\/et_pb_column][et_pb_column type=\u00a0\u00bb2_5&Prime; _builder_version=\u00a0\u00bb4.23.1&Prime; _module_preset=\u00a0\u00bbdefault\u00a0\u00bb global_colors_info=\u00a0\u00bb{}\u00a0\u00bb][\/et_pb_column][\/et_pb_row][\/et_pb_section][et_pb_section fb_built=\u00a0\u00bb1&Prime; _builder_version=\u00a0\u00bb4.23.1&Prime; _module_preset=\u00a0\u00bbdefault\u00a0\u00bb background_color=\u00a0\u00bbrgba(183,161,94,0.29)\u00a0\u00bb global_colors_info=\u00a0\u00bb{}\u00a0\u00bb][et_pb_row column_structure=\u00a0\u00bb3_5,2_5&Prime; _builder_version=\u00a0\u00bb4.23.1&Prime; _module_preset=\u00a0\u00bbdefault\u00a0\u00bb global_colors_info=\u00a0\u00bb{}\u00a0\u00bb][et_pb_column type=\u00a0\u00bb3_5&Prime; _builder_version=\u00a0\u00bb4.23.1&Prime; _module_preset=\u00a0\u00bbdefault\u00a0\u00bb global_colors_info=\u00a0\u00bb{}\u00a0\u00bb][et_pb_video src=\u00a0\u00bbhttps:\/\/vimeo.com\/1031104552&Prime; _builder_version=\u00a0\u00bb4.23.1&Prime; _module_preset=\u00a0\u00bbdefault\u00a0\u00bb global_colors_info=\u00a0\u00bb{}\u00a0\u00bb][\/et_pb_video][\/et_pb_column][et_pb_column type=\u00a0\u00bb2_5&Prime; _builder_version=\u00a0\u00bb4.23.1&Prime; _module_preset=\u00a0\u00bbdefault\u00a0\u00bb global_colors_info=\u00a0\u00bb{}\u00a0\u00bb][et_pb_image src=\u00a0\u00bbhttps:\/\/www.voutstrainer.fr\/wp-content\/uploads\/2025\/01\/voutsiconsmall.png\u00a0\u00bb title_text=\u00a0\u00bbvoutsiconsmall\u00a0\u00bb _builder_version=\u00a0\u00bb4.23.1&Prime; _module_preset=\u00a0\u00bbdefault\u00a0\u00bb width=\u00a0\u00bb10%\u00a0\u00bb width_tablet=\u00a0\u00bb7%\u00a0\u00bb width_phone=\u00a0\u00bb13%\u00a0\u00bb width_last_edited=\u00a0\u00bbon|phone\u00a0\u00bb global_colors_info=\u00a0\u00bb{}\u00a0\u00bb][\/et_pb_image][et_pb_text _builder_version=\u00a0\u00bb4.23.1&Prime; _module_preset=\u00a0\u00bbdefault\u00a0\u00bb header_font=\u00a0\u00bb|300|||||||\u00a0\u00bb header_text_color=\u00a0\u00bb#001828&Prime; header_font_size=\u00a0\u00bb40px\u00a0\u00bb custom_margin=\u00a0\u00bb||9px|||\u00a0\u00bb header_font_size_tablet=\u00a0\u00bb\u00a0\u00bb header_font_size_phone=\u00a0\u00bb\u00a0\u00bb header_font_size_last_edited=\u00a0\u00bbon|desktop\u00a0\u00bb global_colors_info=\u00a0\u00bb{}\u00a0\u00bb]<\/p>\n<h1>Profilage<\/h1>\n<p>[\/et_pb_text][et_pb_text _builder_version=\u00a0\u00bb4.23.1&Prime; _module_preset=\u00a0\u00bbdefault\u00a0\u00bb header_6_text_color=\u00a0\u00bb#B7A15E\u00a0\u00bb custom_margin=\u00a0\u00bb||23px|||\u00a0\u00bb global_colors_info=\u00a0\u00bb{}\u00a0\u00bb]<\/p>\n<h6>Mental et moteur<\/h6>\n<p>[\/et_pb_text][et_pb_text _builder_version=\u00a0\u00bb4.23.1&Prime; _module_preset=\u00a0\u00bbdefault\u00a0\u00bb text_text_color=\u00a0\u00bbrgba(17,34,40,0.71)\u00a0\u00bb text_font_size=\u00a0\u00bb16px\u00a0\u00bb global_colors_info=\u00a0\u00bb{}\u00a0\u00bb]<\/p>\n<p>Le corps ne mentant pas, nous pouvons d\u00e9sormais interroger le corps par un testing corporel qui permettra d\u2019\u00f4ter tout biais et d\u2019avoir acc\u00e8s \u00e0 son profil mental et moteur fiable et correspondant \u00e0 ses pr\u00e9f\u00e9rences naturelles.Connaitre ses pr\u00e9f\u00e9rences naturelles c\u2019est pouvoir mieux se placer sur ses talents naturels et surfer sur ses pr\u00e9f\u00e9rences.<\/p>\n<p>Une fois test\u00e9, vous ne verrez plus la vie comme avant !<\/p>\n<p>[\/et_pb_text][\/et_pb_column][\/et_pb_row][\/et_pb_section][et_pb_section fb_built=\u00a0\u00bb1&Prime; _builder_version=\u00a0\u00bb4.23.1&Prime; _module_preset=\u00a0\u00bbdefault\u00a0\u00bb background_color=\u00a0\u00bb#001828&Prime; use_background_color_gradient=\u00a0\u00bbon\u00a0\u00bb background_color_gradient_type=\u00a0\u00bbcircular\u00a0\u00bb background_color_gradient_stops=\u00a0\u00bb#002e51 0%|#001828 100%\u00a0\u00bb global_colors_info=\u00a0\u00bb{}\u00a0\u00bb][et_pb_row _builder_version=\u00a0\u00bb4.23.1&Prime; _module_preset=\u00a0\u00bbdefault\u00a0\u00bb global_colors_info=\u00a0\u00bb{}\u00a0\u00bb][et_pb_column type=\u00a0\u00bb4_4&Prime; _builder_version=\u00a0\u00bb4.23.1&Prime; _module_preset=\u00a0\u00bbdefault\u00a0\u00bb global_colors_info=\u00a0\u00bb{}\u00a0\u00bb][et_pb_text _builder_version=\u00a0\u00bb4.23.1&Prime; _module_preset=\u00a0\u00bbdefault\u00a0\u00bb header_font=\u00a0\u00bb|300|||||||\u00a0\u00bb header_text_color=\u00a0\u00bb#FFFFFF\u00a0\u00bb header_font_size=\u00a0\u00bb40px\u00a0\u00bb text_orientation=\u00a0\u00bbcenter\u00a0\u00bb custom_margin=\u00a0\u00bb||9px|||\u00a0\u00bb header_font_size_tablet=\u00a0\u00bb40px\u00a0\u00bb header_font_size_phone=\u00a0\u00bb30px\u00a0\u00bb header_font_size_last_edited=\u00a0\u00bbon|desktop\u00a0\u00bb global_colors_info=\u00a0\u00bb{}\u00a0\u00bb]<\/p>\n<h1><span>\u00e0 qui s\u2019adresse le profilage?<\/span><\/h1>\n<p>[\/et_pb_text][\/et_pb_column][\/et_pb_row][et_pb_row column_structure=\u00a0\u00bb1_2,1_2&Prime; _builder_version=\u00a0\u00bb4.23.1&Prime; _module_preset=\u00a0\u00bbdefault\u00a0\u00bb global_colors_info=\u00a0\u00bb{}\u00a0\u00bb][et_pb_column type=\u00a0\u00bb1_2&Prime; _builder_version=\u00a0\u00bb4.23.1&Prime; _module_preset=\u00a0\u00bbdefault\u00a0\u00bb global_colors_info=\u00a0\u00bb{}\u00a0\u00bb][et_pb_image src=\u00a0\u00bbhttps:\/\/www.voutstrainer.fr\/wp-content\/uploads\/2025\/01\/profilage2.svg\u00a0\u00bb title_text=\u00a0\u00bbprofilage2&Prime; _builder_version=\u00a0\u00bb4.23.1&Prime; _module_preset=\u00a0\u00bbdefault\u00a0\u00bb global_colors_info=\u00a0\u00bb{}\u00a0\u00bb][\/et_pb_image][\/et_pb_column][et_pb_column type=\u00a0\u00bb1_2&Prime; _builder_version=\u00a0\u00bb4.23.1&Prime; _module_preset=\u00a0\u00bbdefault\u00a0\u00bb global_colors_info=\u00a0\u00bb{}\u00a0\u00bb][et_pb_image src=\u00a0\u00bbhttps:\/\/www.voutstrainer.fr\/wp-content\/uploads\/2025\/01\/voutsiconsmall.png\u00a0\u00bb title_text=\u00a0\u00bbvoutsiconsmall\u00a0\u00bb _builder_version=\u00a0\u00bb4.23.1&Prime; _module_preset=\u00a0\u00bbdefault\u00a0\u00bb width=\u00a0\u00bb10%\u00a0\u00bb width_tablet=\u00a0\u00bb7%\u00a0\u00bb width_phone=\u00a0\u00bb13%\u00a0\u00bb width_last_edited=\u00a0\u00bbon|phone\u00a0\u00bb global_colors_info=\u00a0\u00bb{}\u00a0\u00bb][\/et_pb_image][et_pb_text _builder_version=\u00a0\u00bb4.23.1&Prime; _module_preset=\u00a0\u00bbdefault\u00a0\u00bb header_font=\u00a0\u00bb|300|||||||\u00a0\u00bb header_text_color=\u00a0\u00bb#FFFFFF\u00a0\u00bb header_font_size=\u00a0\u00bb40px\u00a0\u00bb custom_margin=\u00a0\u00bb||9px|||\u00a0\u00bb header_font_size_tablet=\u00a0\u00bb40px\u00a0\u00bb header_font_size_phone=\u00a0\u00bb30px\u00a0\u00bb header_font_size_last_edited=\u00a0\u00bbon|desktop\u00a0\u00bb global_colors_info=\u00a0\u00bb{}\u00a0\u00bb]<\/p>\n<h1><span>Conditions<\/span><span>\u00a0<\/span><\/h1>\n<p>[\/et_pb_text][et_pb_text _builder_version=\u00a0\u00bb4.23.1&Prime; _module_preset=\u00a0\u00bbdefault\u00a0\u00bb text_text_color=\u00a0\u00bb#FFFFFF\u00a0\u00bb text_font_size=\u00a0\u00bb16px\u00a0\u00bb header_text_color=\u00a0\u00bb#FFFFFF\u00a0\u00bb hover_enabled=\u00a0\u00bb0&Prime; global_colors_info=\u00a0\u00bb{}\u00a0\u00bb sticky_enabled=\u00a0\u00bb0&Prime;]\u2022 Public : Adultes, adolescents, sportifs, \u00e9quipes de sport.<br \/>\n\u2022 Merci de me contacter pour tarifs et devis famille ou \u00e9quipes sur mesure.<br \/>\n\u2022 Lieux consultation : Complexe Borne 47 \u00e0 Horgues.<br \/>\n\u2022 Contact : Prenez rendez-vous au 0676838385.[\/et_pb_text][\/et_pb_column][\/et_pb_row][\/et_pb_section][et_pb_section fb_built=\u00a0\u00bb1&Prime; _builder_version=\u00a0\u00bb4.23.1&Prime; _module_preset=\u00a0\u00bbdefault\u00a0\u00bb background_color=\u00a0\u00bbrgba(183,161,94,0.29)\u00a0\u00bb global_colors_info=\u00a0\u00bb{}\u00a0\u00bb][et_pb_row _builder_version=\u00a0\u00bb4.23.1&Prime; _module_preset=\u00a0\u00bbdefault\u00a0\u00bb global_colors_info=\u00a0\u00bb{}\u00a0\u00bb][et_pb_column type=\u00a0\u00bb4_4&Prime; _builder_version=\u00a0\u00bb4.23.1&Prime; _module_preset=\u00a0\u00bbdefault\u00a0\u00bb global_colors_info=\u00a0\u00bb{}\u00a0\u00bb][et_pb_image src=\u00a0\u00bbhttps:\/\/www.voutstrainer.fr\/wp-content\/uploads\/2025\/01\/voutsiconsmall.png\u00a0\u00bb title_text=\u00a0\u00bbvoutsiconsmall\u00a0\u00bb _builder_version=\u00a0\u00bb4.23.1&Prime; _module_preset=\u00a0\u00bbdefault\u00a0\u00bb width=\u00a0\u00bb10%\u00a0\u00bb width_tablet=\u00a0\u00bb7%\u00a0\u00bb width_phone=\u00a0\u00bb13%\u00a0\u00bb width_last_edited=\u00a0\u00bbon|phone\u00a0\u00bb global_colors_info=\u00a0\u00bb{}\u00a0\u00bb][\/et_pb_image][et_pb_text _builder_version=\u00a0\u00bb4.23.1&Prime; _module_preset=\u00a0\u00bbdefault\u00a0\u00bb header_font=\u00a0\u00bb|300|||||||\u00a0\u00bb header_text_color=\u00a0\u00bb#001828&Prime; header_font_size=\u00a0\u00bb40px\u00a0\u00bb custom_margin=\u00a0\u00bb||9px|||\u00a0\u00bb custom_padding=\u00a0\u00bb2px|||||\u00a0\u00bb header_font_size_tablet=\u00a0\u00bb\u00a0\u00bb header_font_size_phone=\u00a0\u00bb\u00a0\u00bb header_font_size_last_edited=\u00a0\u00bbon|desktop\u00a0\u00bb global_colors_info=\u00a0\u00bb{}\u00a0\u00bb]<\/p>\n<h1>T\u00e9moignages<\/h1>\n<p>[\/et_pb_text][et_pb_accordion open_toggle_text_color=\u00a0\u00bb#B7A15E\u00a0\u00bb _builder_version=\u00a0\u00bb4.23.1&Prime; _module_preset=\u00a0\u00bbdefault\u00a0\u00bb toggle_text_color=\u00a0\u00bb#B7A15E\u00a0\u00bb toggle_level=\u00a0\u00bbh4&Prime; body_text_align=\u00a0\u00bbleft\u00a0\u00bb body_font_size=\u00a0\u00bb14px\u00a0\u00bb body_line_height=\u00a0\u00bb1.3em\u00a0\u00bb text_orientation=\u00a0\u00bbleft\u00a0\u00bb global_colors_info=\u00a0\u00bb{}\u00a0\u00bb][et_pb_accordion_item title=\u00a0\u00bbDoroth\u00e9e D., 46 ans, formatrice en massage\u00a0\u00bb _builder_version=\u00a0\u00bb4.23.1&Prime; _module_preset=\u00a0\u00bbdefault\u00a0\u00bb global_colors_info=\u00a0\u00bb{}\u00a0\u00bb open=\u00a0\u00bbon\u00a0\u00bb]J\u2019ai eu la chance d\u2019\u00eatre profil\u00e9e \u00e0 un moment tr\u00e8s difficile de ma vie. J\u2019ai \u00e9t\u00e9 profond\u00e9ment marqu\u00e9e et touch\u00e9e par la possibilit\u00e9 de mettre des mots et des explications sur mes fa\u00e7ons d\u2019agir ou mes limites, que je ne comprenais pas lorsque je me comparais aux autres. Je m\u2019autoflagellais, me r\u00e9p\u00e9tant que j\u2019\u00e9tais nulle d\u00e8s qu\u2019il s\u2019agissait d\u2019agir d\u2019une certaine mani\u00e8re. Je reconnaissais quelques qualit\u00e9s en moi, notamment relationnelles, mais je ne comprenais pas pourquoi je ne pouvais pas ressembler \u00e0 d\u2019autres personnes pour qui tout ce qui est compliqu\u00e9 pour moi (planifier, \u00eatre organis\u00e9e, commencer de nouvelles activit\u00e9s sans en \u00eatre experte, oser, se d\u00e9p\u00eacher, etc.) semblait si facile et naturel. Cela me donnait un sentiment profond d\u2019\u00eatre incapable et inf\u00e9rieure.<\/p>\n<p>Depuis que j\u2019ai re\u00e7u mon analyse de profilage, j\u2019y reviens souvent. J\u2019ai commenc\u00e9 \u00e0 d\u00e9construire mon regard n\u00e9gatif sur moi-m\u00eame et \u00e0 aborder ces parties de moi avec plus de douceur. Mes forces sont ailleurs, et j\u2019ai appris \u00e0 m\u2019appuyer dessus. Je m\u2019entoure \u00e9galement de personnes ayant des profils diff\u00e9rents du mien, qui peuvent m\u2019apporter leur soutien l\u00e0 o\u00f9 je suis moins efficace, tout en b\u00e9n\u00e9ficiant de mes forces naturelles en retour. Cela cr\u00e9e un syst\u00e8me relationnel fond\u00e9 sur plus de douceur, de conscience et d\u2019efficacit\u00e9, qui s\u2019installe peu \u00e0 peu dans ma vie.<\/p>\n<p>J\u2019ai une chance inou\u00efe, et je savoure les bienfaits de cette d\u00e9couverte de plus en plus chaque jour.[\/et_pb_accordion_item][et_pb_accordion_item title=\u00a0\u00bbDylan C., 21 ans, agent immobilier\u00a0\u00bb _builder_version=\u00a0\u00bb4.23.1&Prime; _module_preset=\u00a0\u00bbdefault\u00a0\u00bb global_colors_info=\u00a0\u00bb{}\u00a0\u00bb open=\u00a0\u00bboff\u00a0\u00bb]Je suis extr\u00eamement satisfait du service de profilage fourni par C\u00e9dric, il a fait preuve d&rsquo;un grande expertise et d\u2019une \u00e9coute attentive pour comprendre mes besoins. Les analyses \u00e9taient claires, pertinentes et ont eu un r\u00e9el impact sur mes strat\u00e9gies. Je recommande vivement pour son professionnalisme et sa rigueur.Depuis que j\u2019ai re\u00e7u mon analyse de profilage, j\u2019y reviens souvent. J\u2019ai commenc\u00e9 \u00e0 d\u00e9construire mon regard n\u00e9gatif sur moi-m\u00eame et \u00e0 aborder ces parties de moi avec plus de douceur. Mes forces sont ailleurs, et j\u2019ai appris \u00e0 m\u2019appuyer dessus. Je m\u2019entoure \u00e9galement de personnes ayant des profils diff\u00e9rents du mien, qui peuvent m\u2019apporter leur soutien l\u00e0 o\u00f9 je suis moins efficace, tout en b\u00e9n\u00e9ficiant de mes forces naturelles en retour. Cela cr\u00e9e un syst\u00e8me relationnel fond\u00e9 sur plus de douceur, de conscience et d\u2019efficacit\u00e9, qui s\u2019installe peu \u00e0 peu dans ma vie.[\/et_pb_accordion_item][et_pb_accordion_item title=\u00a0\u00bbPaul B., 32 ans, entra\u00eeneur professionnel de football\u00a0\u00bb _builder_version=\u00a0\u00bb4.23.1&Prime; _module_preset=\u00a0\u00bbdefault\u00a0\u00bb global_colors_info=\u00a0\u00bb{}\u00a0\u00bb open=\u00a0\u00bboff\u00a0\u00bb]Le profilage m&rsquo;a aid\u00e9 \u00e0 mieux me conna\u00eetre au niveau moteur et au niveau c\u00e9r\u00e9bral. Gr\u00e2ce \u00e0 cela j&rsquo;ai pu adopter de nouvelles strat\u00e9gies dans mon activit\u00e9 sportive et \u00e9galement au travail. Aujourd&rsquo;hui cela me permet d&rsquo;\u00eatre plus confiant et efficace dans tous les types de t\u00e2ches au quotidien.[\/et_pb_accordion_item][et_pb_accordion_item title=\u00a0\u00bbPascale T., 55 ans\u00a0\u00bb _builder_version=\u00a0\u00bb4.23.1&Prime; _module_preset=\u00a0\u00bbdefault\u00a0\u00bb global_colors_info=\u00a0\u00bb{}\u00a0\u00bb open=\u00a0\u00bboff\u00a0\u00bb]Le profilage est tr\u00e8s b\u00e9n\u00e9fique, il permet de se conna\u00eetre bien mieux, de comprendre ses propres comportements et r\u00e9actions, et ceux des autres, face \u00e0 certaines situations et de conna\u00eetre les axes de vie personnelle et professionnelle qui nous correspondent mieux. Il est un booster de talents. Quand le profilage est fait en famille, c\u2019est encore mieux, car cela permet de communiquer de mani\u00e8re efficiente et am\u00e8ne donc \u00e0 une plus grande harmonie. C\u2019est une m\u00e9thodologie qui nous donne de nombreux outils pour vivre mieux avec soi-m\u00eame et les autres.[\/et_pb_accordion_item][et_pb_accordion_item title=\u00a0\u00bbChrystel C., 55 ans, HSE IUT Paul Sabatier\u00a0\u00bb _builder_version=\u00a0\u00bb4.23.1&Prime; _module_preset=\u00a0\u00bbdefault\u00a0\u00bb global_colors_info=\u00a0\u00bb{}\u00a0\u00bb open=\u00a0\u00bboff\u00a0\u00bb]Je te remercie sinc\u00e8rement de l\u2019aide que tu nous as apport\u00e9e en r\u00e9alisant nos profils moteur et mental. Notre maison est un v\u00e9ritable microcosme de personnalit\u00e9s diff\u00e9rentes, entre les dynamiques g\u00e9n\u00e9rationnelles, les caract\u00e8res propres \u00e0 chacun et parfois nos fa\u00e7ons diam\u00e9tralement oppos\u00e9es de fonctionner, et \u00e0 cela j\u2019ajoute nos propres profils: le cocktail peut \u00eatre explosif,  la communication un v\u00e9ritable d\u00e9fi. Gr\u00e2ce \u00e0 tes analyses et \u00e0 tes explications claires, nous avons pu mettre en lumi\u00e8re les motivations profondes, les besoins&#8230; de chacun. Comme par exemple : pourquoi l\u2019un \u00e0 besoin de plus de temps pour r\u00e9fl\u00e9chir, pourquoi l\u2019autre r\u00e9agit spontan\u00e9ment ou encore pourquoi certaines remarques peuvent \u00eatre per\u00e7ues comme blessantes. Ce travail de profilage est un v\u00e9ritable outil pour cr\u00e9er plus de fluidit\u00e9 et d\u2019harmonie dans nos interactions. En prenant conscience de ses forces, de ses faiblesses et surtout en respectant les besoins de l&rsquo;autre : chacun \u00e0 son propre mode de fonctionnement. En conclusion , pour bien communiquer, pour bien cohabiter, il est important de conna\u00eetre le fonctionnement de chacun, sans chercher \u00e0 imposer le sien. Le chemin est encore long, les mauvaises habitudes sont l\u00e0, mais la volont\u00e9 de communiquer paisiblement est bien pr\u00e9sente : ton travail C\u00e9dric nous aide dans notre quotidien.[\/et_pb_accordion_item][et_pb_accordion_item title=\u00a0\u00bbAlexandre L., 27 ans, entra\u00eeneur \u00e9quipe pro de football\u00a0\u00bb _builder_version=\u00a0\u00bb4.23.1&Prime; _module_preset=\u00a0\u00bbdefault\u00a0\u00bb global_colors_info=\u00a0\u00bb{}\u00a0\u00bb open=\u00a0\u00bboff\u00a0\u00bb]J\u2019ai d\u00e9couvert le profilage moteur avec C\u00e9dric, et c\u2019est une m\u00e9thode passionnante qui permet de mieux comprendre les sp\u00e9cificit\u00e9s motrices et cognitives de chaque individu. Gr\u00e2ce \u00e0 cette approche, j\u2019ai pu identifier des leviers personnalis\u00e9s pour optimiser la performance tout en respectant les caract\u00e9ristiques uniques de chacun. C\u2019est un outil innovant et inspirant, qui offre des solutions concr\u00e8tes pour progresser dans de nombreux domaines, notamment le sport. Une exp\u00e9rience enrichissante que je recommande vivement ![\/et_pb_accordion_item][et_pb_accordion_item title=\u00a0\u00bbValentin D., 34 ans, commercial et entra\u00eeneur de football\u00a0\u00bb _builder_version=\u00a0\u00bb4.23.1&Prime; _module_preset=\u00a0\u00bbdefault\u00a0\u00bb global_colors_info=\u00a0\u00bb{}\u00a0\u00bb open=\u00a0\u00bboff\u00a0\u00bb]\u00a0\u00bbLe profilage\u00a0\u00bb propos\u00e9 par C\u00e9dric est un outil juste indispensable pour toute personne voulant mieux se conna\u00eetre pour atteindre ses objectifs, que ce soit dans le milieu professionnel mais aussi personnel. Cet outil nous permet de mieux se conna\u00eetre sur le plan psychologique mais aussi physique, de conna\u00eetre et comprendre le fonctionnement des personnes que l&rsquo;on c\u00f4toie et donc de s&rsquo;adapter \u00e0 eux. Ceci afin d&rsquo;\u00e9tablir une communication fluide et non conflictuelle. Selon moi, chaque personne devrait d\u00e9terminer son \u00ab\u00a0profil\u00a0\u00bb afin d&rsquo;avoir les \u00e9l\u00e9ments n\u00e9cessaires pour s&rsquo;\u00e9panouir au mieux dans la vie.[\/et_pb_accordion_item][et_pb_accordion_item title=\u00a0\u00bbAlex B., 28 ans, \u00e9ducateur en football\u00a0\u00bb _builder_version=\u00a0\u00bb4.23.1&Prime; _module_preset=\u00a0\u00bbdefault\u00a0\u00bb global_colors_info=\u00a0\u00bb{}\u00a0\u00bb open=\u00a0\u00bboff\u00a0\u00bb]V\u00e9ritable r\u00e9v\u00e9lation sur la connaissance de soi, cela m&rsquo;a permis de prendre conscience de mes pr\u00e9f\u00e9rences, notamment sur le plan mental. Mieux me connaitre m&rsquo;a permis par la suite de mieux appr\u00e9hender mon environnement et de mieux comprendre les relations avec autrui. Cet outil m&rsquo;accompagne quotidiennement depuis 7 ans dans diff\u00e9rents domaines (personnel, professionnel, sportif). Il m&rsquo;a \u00e9galement permis d&rsquo;augmenter ma confiance en soi et optimiser ma commination. Je le recommande vivement \u00e0 toute personne d\u00e9sirant mieux se connaitre, d\u00e9couvrir ses modes de fonctionnement pr\u00e9f\u00e9rentiels et optimiser la relation avec autrui.[\/et_pb_accordion_item][et_pb_accordion_item title=\u00a0\u00bbFabien, 21 ans, Actuaire\u00a0\u00bb _builder_version=\u00a0\u00bb4.23.1&Prime; _module_preset=\u00a0\u00bbdefault\u00a0\u00bb global_colors_info=\u00a0\u00bb{}\u00a0\u00bb open=\u00a0\u00bboff\u00a0\u00bb]\u00ab J\u2019ai \u00e9t\u00e9 bluff\u00e9 par cette s\u00e9ance de profilage ! C\u2019\u00e9tait incroyablement pr\u00e9cis et r\u00e9v\u00e9lateur. C\u00e9dric est extr\u00eamement dou\u00e9 et talentueux, et je recommande vivement cette exp\u00e9rience pour mieux se comprendre et confirmer son propre fonctionnement. Une d\u00e9marche fascinante pour mieux se conna\u00eetre. \u00bb[\/et_pb_accordion_item][et_pb_accordion_item title=\u00a0\u00bbQuentin T., 33 ans, entra\u00eeneur et expert en pr\u00e9paration physique \u00a0\u00bb _builder_version=\u00a0\u00bb4.23.1&Prime; _module_preset=\u00a0\u00bbdefault\u00a0\u00bb global_colors_info=\u00a0\u00bb{}\u00a0\u00bb open=\u00a0\u00bboff\u00a0\u00bb]Le profilage est devenu un outil essentiel de la connaissance de soi et de l\u2019autre. Ce travail avec C\u00e9dric m\u2019a permis de mieux me conna\u00eetre, conna\u00eetre mon fonctionnement et d\u2019am\u00e9liorer mes interactions avec les autres. Cet outil m\u2019est devenu indispensable au quotidien de ma vie professionnelle : gestion de mes joueurs ou de mes collaborateurs, interactions avec, gestion de mes \u00e9motions et des diff\u00e9rentes situations.. Mieux se conna\u00eetre c\u2019est anticiper et \u00eatre meilleur au quotidien. Je conseille \u00e0 tout le monde d\u2019y avoir recours, C\u00e9dric est un v\u00e9ritable expert dans ce domaine, son testing est fiable et sa p\u00e9dagogie permet d\u2019assimiler toutes les informations n\u00e9cessaires.[\/et_pb_accordion_item][et_pb_accordion_item title=\u00a0\u00bbH\u00e9loise, 24 ans, \u00e9tudiante en chiropraxie\u00a0\u00bb open=\u00a0\u00bboff\u00a0\u00bb _builder_version=\u00a0\u00bb4.23.1&Prime; _module_preset=\u00a0\u00bbdefault\u00a0\u00bb global_colors_info=\u00a0\u00bb{}\u00a0\u00bb]<\/p>\n<p>Je dois dire que cette exp\u00e9rience a \u00e9t\u00e9 extr\u00eamement enrichissante, tant sur le plan personnel que professionnel. C\u00e9dric s&rsquo;est montr\u00e9 d&rsquo;une grande pr\u00e9cision, alliant bienveillance et un sens aigu de la p\u00e9dagogie. Il a pris le temps de m&rsquo;expliquer chaque \u00e9tape de mani\u00e8re claire et d\u00e9taill\u00e9e, rendant le processus \u00e0 la fois accessible et engageant. Gr\u00e2ce \u00e0 cette d\u00e9marche, je dispose maintenant d&rsquo;un outil pr\u00e9cieux pour mieux comprendre mon fonctionnement et atteindre mes objectifs, que ce soit dans mes \u00e9tudes, ma vie personnelle ou ma future carri\u00e8re. Je ne doute pas que son expertise m&rsquo;accompagnera sur le long terme. Je ne peux que vous recommander de vous tourner vers Cedric !<br \/>Depuis que j\u2019ai re\u00e7u mon analyse de profilage, j\u2019y reviens souvent. J\u2019ai commenc\u00e9 \u00e0 d\u00e9construire mon regard n\u00e9gatif sur moi-m\u00eame et \u00e0 aborder ces parties de moi avec plus de douceur. Mes forces sont ailleurs, et j\u2019ai appris \u00e0 m\u2019appuyer dessus. Je m\u2019entoure \u00e9galement de personnes ayant des profils diff\u00e9rents du mien, qui peuvent m\u2019apporter leur soutien l\u00e0 o\u00f9 je suis moins efficace, tout en b\u00e9n\u00e9ficiant de mes forces naturelles en retour. Cela cr\u00e9e un syst\u00e8me relationnel fond\u00e9 sur plus de douceur, de conscience et d\u2019efficacit\u00e9, qui s\u2019installe peu \u00e0 peu dans ma vie.<\/p>\n<p>[\/et_pb_accordion_item][\/et_pb_accordion][\/et_pb_column][\/et_pb_row][\/et_pb_section]<\/p>\n","protected":false},"excerpt":{"rendered":"<p>ProfilageMental et moteurJe pense comme je bouge et je bouge comme je pense !Beaucoup de personnes remplissent des questionnaires pour avoir acc\u00e8s \u00e0 la connaissance de soi, questionnaires comportant malheureusement de nombreux biais et ne d\u00e9voilant pas donc qui nous sommes r\u00e9ellement. Les biais de d\u00e9sid\u00e9rabilit\u00e9 sociale, l\u2019\u00e9tat \u00e9motionnel du moment, la compr\u00e9hension de l\u2019item, le contexte professionnel, les masques que nous portons etc\u2026 sont autant de raisons qui nous am\u00e8nent \u00e0 rarement nous reconnaitre dans 1 profil mais dans plusieurs.ProfilageMental et moteurLe corps ne mentant pas, nous pouvons d\u00e9sormais interroger le corps par un testing corporel qui permettra d\u2019\u00f4ter tout biais et d\u2019avoir acc\u00e8s \u00e0 son profil mental et moteur fiable et correspondant \u00e0 ses pr\u00e9f\u00e9rences naturelles.Connaitre ses pr\u00e9f\u00e9rences naturelles c\u2019est pouvoir mieux se placer sur ses talents naturels et surfer sur ses pr\u00e9f\u00e9rences.Une fois test\u00e9, vous ne verrez plus la vie comme avant !\u00e0 qui s\u2019adresse le profilage?Conditions\u00a0\u2022 Public : Adultes, adolescents, sportifs, \u00e9quipes de sport. \u2022 Merci de me contacter pour tarifs et devis famille ou \u00e9quipes sur mesure. \u2022 Lieux consultation : Complexe Borne 47 \u00e0 Horgues. \u2022 Contact : Prenez rendez-vous au 0676838385.T\u00e9moignagesJ\u2019ai eu la chance d\u2019\u00eatre profil\u00e9e \u00e0 un moment tr\u00e8s difficile de ma [&hellip;]<\/p>\n","protected":false},"author":1,"featured_media":0,"parent":0,"menu_order":0,"comment_status":"closed","ping_status":"closed","template":"","meta":{"_et_pb_use_builder":"on","_et_pb_old_content":"<!-- wp:divi\/placeholder \/-->","_et_gb_content_width":"","inline_featured_image":false,"footnotes":""},"class_list":["post-38","page","type-page","status-publish","hentry"],"_links":{"self":[{"href":"https:\/\/www.voutstrainer.fr\/index.php?rest_route=\/wp\/v2\/pages\/38","targetHints":{"allow":["GET"]}}],"collection":[{"href":"https:\/\/www.voutstrainer.fr\/index.php?rest_route=\/wp\/v2\/pages"}],"about":[{"href":"https:\/\/www.voutstrainer.fr\/index.php?rest_route=\/wp\/v2\/types\/page"}],"author":[{"embeddable":true,"href":"https:\/\/www.voutstrainer.fr\/index.php?rest_route=\/wp\/v2\/users\/1"}],"replies":[{"embeddable":true,"href":"https:\/\/www.voutstrainer.fr\/index.php?rest_route=%2Fwp%2Fv2%2Fcomments&post=38"}],"version-history":[{"count":20,"href":"https:\/\/www.voutstrainer.fr\/index.php?rest_route=\/wp\/v2\/pages\/38\/revisions"}],"predecessor-version":[{"id":378,"href":"https:\/\/www.voutstrainer.fr\/index.php?rest_route=\/wp\/v2\/pages\/38\/revisions\/378"}],"wp:attachment":[{"href":"https:\/\/www.voutstrainer.fr\/index.php?rest_route=%2Fwp%2Fv2%2Fmedia&parent=38"}],"curies":[{"name":"wp","href":"https:\/\/api.w.org\/{rel}","templated":true}]}}